{"id":514,"date":"2024-06-07T07:50:53","date_gmt":"2024-06-07T07:50:53","guid":{"rendered":"https:\/\/gerberhaus-klimaschutz.at\/?page_id=514"},"modified":"2025-09-01T07:02:48","modified_gmt":"2025-09-01T07:02:48","slug":"gewinnspiel","status":"publish","type":"page","link":"https:\/\/gerberhaus-klimaschutz.at\/?page_id=514","title":{"rendered":"Gewinnspiel 2025"},"content":{"rendered":"\n<div class=\"wp-block-buttons is-content-justification-center is-layout-flex wp-container-core-buttons-is-layout-a89b3969 wp-block-buttons-is-layout-flex\">\n<div class=\"wp-block-button\"><a class=\"wp-block-button__link wp-element-button\" href=\"https:\/\/gerberhaus-klimaschutz.at\/?page_id=633\">Teilnahmebedingungen<\/a><\/div>\n<\/div>\n\n\n\n<div style=\"height:32px\" aria-hidden=\"true\" class=\"wp-block-spacer\"><\/div>\n\n\n\n<div class=\"wp-block-group alignfull has-accent-background-color has-background has-global-padding is-layout-constrained wp-container-core-group-is-layout-669513ed wp-block-group-is-layout-constrained\" style=\"margin-top:0;margin-bottom:0;padding-top:var(--wp--preset--spacing--50);padding-right:var(--wp--preset--spacing--50);padding-bottom:var(--wp--preset--spacing--50);padding-left:var(--wp--preset--spacing--50)\">\n<div class=\"wp-block-columns alignwide is-layout-flex wp-container-core-columns-is-layout-1da03c2a wp-block-columns-is-layout-flex\">\n<div class=\"wp-block-column is-vertically-aligned-stretch is-layout-flow wp-block-column-is-layout-flow\" style=\"flex-basis:50%\">\n<div class=\"wp-block-group is-vertical is-content-justification-stretch is-layout-flex wp-container-core-group-is-layout-444d5ee8 wp-block-group-is-layout-flex\" style=\"min-height:100%\">\n<p class=\"has-heading-font-family has-x-large-font-size\" style=\"line-height:1.2\">&#8220;40 Grad und mehr, brennende W\u00e4lder auch in \u00d6sterreich? Nein danke! Klimaschutz ist das zentrale Thema. Es geht nicht nur um die Sicherung von Arbeit und Pension. Es geht um das Allerwichtigste: Die Sicherung einer lebenswerten Zukunft f\u00fcr unsere Kinder und Enkel.&#8221;<\/p>\n\n\n\n<div class=\"wp-block-group has-global-padding is-content-justification-left is-layout-constrained wp-container-core-group-is-layout-9fe8ed88 wp-block-group-is-layout-constrained\">\n<p class=\"wp-container-content-0733e5d0\">Intendant Sepp Schreiner<\/p>\n<\/div>\n<\/div>\n<\/div>\n\n\n\n<div class=\"wp-block-column is-vertically-aligned-center is-layout-flow wp-block-column-is-layout-flow\" style=\"flex-basis:50%\">\n<figure class=\"wp-block-image size-large is-style-rounded is-style-rounded--1\"><img loading=\"lazy\" decoding=\"async\" width=\"724\" height=\"1024\" src=\"https:\/\/gerberhaus-klimaschutz.at\/wp-content\/uploads\/2025\/05\/1.-Seite-Bild-724x1024.jpg\" alt=\"\" class=\"wp-image-717\" style=\"aspect-ratio:3\/4;object-fit:cover\" srcset=\"https:\/\/gerberhaus-klimaschutz.at\/wp-content\/uploads\/2025\/05\/1.-Seite-Bild-724x1024.jpg 724w, https:\/\/gerberhaus-klimaschutz.at\/wp-content\/uploads\/2025\/05\/1.-Seite-Bild-212x300.jpg 212w, https:\/\/gerberhaus-klimaschutz.at\/wp-content\/uploads\/2025\/05\/1.-Seite-Bild-768x1086.jpg 768w, https:\/\/gerberhaus-klimaschutz.at\/wp-content\/uploads\/2025\/05\/1.-Seite-Bild-1087x1536.jpg 1087w, https:\/\/gerberhaus-klimaschutz.at\/wp-content\/uploads\/2025\/05\/1.-Seite-Bild-1449x2048.jpg 1449w, https:\/\/gerberhaus-klimaschutz.at\/wp-content\/uploads\/2025\/05\/1.-Seite-Bild.jpg 1811w\" sizes=\"auto, (max-width: 724px) 100vw, 724px\" \/><\/figure>\n<\/div>\n<\/div>\n<\/div>\n\n\n\n<div class=\"wp-block-group alignfull has-global-padding is-layout-constrained wp-container-core-group-is-layout-301020a0 wp-block-group-is-layout-constrained\" style=\"padding-top:var(--wp--preset--spacing--50);padding-right:var(--wp--preset--spacing--50);padding-bottom:var(--wp--preset--spacing--50);padding-left:var(--wp--preset--spacing--50)\">\n<div class=\"wp-block-columns alignwide is-layout-flex wp-container-core-columns-is-layout-08c01c1c wp-block-columns-is-layout-flex\">\n<div class=\"wp-block-column is-layout-flow wp-block-column-is-layout-flow\">\n<h2 class=\"wp-block-heading\">Gro\u00dfes Gerberhaus Klimaschutz Gewinnspiel 2025 \u2013 Wie funktioniert\u2018s?<\/h2>\n\n\n\n<p>In unserem gro\u00dfen Gewinnspiel geht es um umwelt- und klimabewusstes Verhalten, richtige Kauf- und Investitionsentscheidungen, raus aus \u00d6l und Gas, hin zu Wind-, Sonnen- und Wasserkraft!<\/p>\n\n\n\n<p>S\u00e4mtliche Besucher unserer Kulturevents sind mit dabei! Zu gewinnen gibt es tolle, klimafreundliche Sachpreise. Vom \u20ac 1.000,- Zuschuss f\u00fcr Dein E-Bike, Dein \u00d6BB-Klimaticket f\u00fcr ein Jahr Bahnfahren bis hin zu F\u00f6rderungen f\u00fcr Deine neue PV-Anlage, Balkonkraftwerk usw.\u00a0<\/p>\n\n\n\n<p><strong>Auslosungstermine:<\/strong>&nbsp;22<\/p>\n\n\n\n<p><strong>Auslosungs-Premiere:<\/strong>&nbsp;07.06.2025 im&nbsp;<a href=\"http:\/\/www.felsentheater.com\/\">Felsentheater am Neusiedlersee<\/a><\/p>\n\n\n\n<p><strong>Schlussverlosung:&nbsp;<\/strong>10.12.2025, 15 Uhr in der&nbsp;<a href=\"https:\/\/gerberhaus.at\/\">Wiener Stadthalle<\/a><\/p>\n<\/div>\n\n\n\n<div class=\"wp-block-column is-layout-flow wp-block-column-is-layout-flow\">\n<h2 class=\"wp-block-heading\">Der Hauptpreis unseres Gewinnspiels ist ein nagelneues E-Auto!<\/h2>\n\n\n\n<p>Teilnahmeberechtigt sind s\u00e4mtliche Besucher unserer Kulturveranstaltungen im Jahr 2025. Die Gewinner werden unter den Besuchern gezogen. Die gro\u00dfe Schlussziehung erfolgt im Rahmen der Gerberhaus Weihnachtsgala am 10.12.2025 in der Wiener Stadthalle.<\/p>\n\n\n\n<p><a href=\"https:\/\/gerberhaus-klimaschutz.at\/?page_id=633\">Teilnahmebedingungen<\/a><\/p>\n\n\n\n<p><a href=\"https:\/\/gerberhaus-klimaschutz.at\/?page_id=636\">Presse<\/a><\/p>\n\n\n\n<p><strong>Ablauf:<\/strong><br>Die Gewinner der \u20ac 1.000,- Gutscheine setzen sich mit Gerberhaus in Verbindung und geben die Verwendung ihres Gewinns bekannt. Die Auswahl aus den neun Bereichen muss binnen sechs Monaten erfolgen.<\/p>\n\n\n\n<p>Fragen? Kontaktieren Sie uns!<\/p>\n<\/div>\n<\/div>\n<\/div>\n\n\n\n<div class=\"wp-block-group alignfull has-base-2-background-color has-background has-global-padding is-layout-constrained wp-block-group-is-layout-constrained\">\n<div class=\"wp-block-group alignfull has-base-2-background-color has-background has-global-padding is-layout-constrained wp-container-core-group-is-layout-669513ed wp-block-group-is-layout-constrained\" style=\"margin-top:0;margin-bottom:0;padding-top:var(--wp--preset--spacing--50);padding-right:var(--wp--preset--spacing--50);padding-bottom:var(--wp--preset--spacing--50);padding-left:var(--wp--preset--spacing--50)\">\n<div class=\"wp-block-group is-vertical is-content-justification-center is-layout-flex wp-container-core-group-is-layout-52b864f0 wp-block-group-is-layout-flex\">\n<h2 class=\"wp-block-heading has-text-align-center is-style-asterisk\">Was gibt es zu gewinnen?<\/h2>\n\n\n\n<p class=\"has-text-align-center\"><\/p>\n<\/div>\n\n\n\n<div style=\"margin-top:0;margin-bottom:0;height:var(--wp--preset--spacing--40)\" aria-hidden=\"true\" class=\"wp-block-spacer\"><\/div>\n\n\n\n<div class=\"wp-block-columns alignwide is-layout-flex wp-container-core-columns-is-layout-d0bbbce0 wp-block-columns-is-layout-flex\">\n<div class=\"wp-block-column is-layout-flow wp-container-core-column-is-layout-e3d1c41b wp-block-column-is-layout-flow\">\n<h3 class=\"wp-block-heading has-text-align-left is-style-asterisk has-body-font-family has-medium-font-size\" style=\"font-style:normal;font-weight:600\">1. Umstieg auf \u00d6kostrom<\/h3>\n\n\n\n<p class=\"has-text-align-left\">Der Umstieg auf \u00d6kostrom zu 100 % aus erneuerbaren Energien aus \u00d6sterreich gewonnen, macht Sinn.<br>Mehr Infos: <a href=\"http:\/\/www.durchblicker.at\/\">Durchblicker.at<\/a><\/p>\n<\/div>\n\n\n\n<div class=\"wp-block-column is-layout-flow wp-container-core-column-is-layout-e3d1c41b wp-block-column-is-layout-flow\">\n<h3 class=\"wp-block-heading has-text-align-left is-style-asterisk has-body-font-family has-medium-font-size\" style=\"font-style:normal;font-weight:600\">2. \u00d6BB-Klimaticket<\/h3>\n\n\n\n<p class=\"has-text-align-left\">Ein Jahr lang klimafreundlich unterwegs mit s\u00e4mtlichen \u00f6sterreichischen \u00d6ffis: Bahn, Bus, U-Bahn usw.\u00a0<a href=\"https:\/\/www.oebb.at\/de\/tickets-kundenkarten\/kundenkarten\/klimaticket,%20https:\/www.klimaticket.at\/\">Mehr<\/a>\u2026<\/p>\n<\/div>\n\n\n\n<div class=\"wp-block-column is-layout-flow wp-container-core-column-is-layout-e3d1c41b wp-block-column-is-layout-flow\">\n<h3 class=\"wp-block-heading has-text-align-left is-style-asterisk has-body-font-family has-medium-font-size\" style=\"font-style:normal;font-weight:600\">3. \u00d6BB-Nightjet<\/h3>\n\n\n\n<p class=\"has-text-align-left\">Mit dem \u00d6BB Nightjet komfortabel nach Hamburg, Paris, Rom usw.<\/p>\n\n\n\n<p class=\"has-text-align-left\">Bus- und Bahnreisen sind klimaschonend. Von den CO2 Gesamtemissionen entspricht eine Flugreise nach Rom&nbsp;in etwa gleich viel Luftschadstoffe wie 9 Reisen mit dem \u00d6BB Nightjet. Oder zehn Reisen mit dem modernen Komfortreisebus.&nbsp;<a href=\"https:\/\/www.atmosfair.de\/de\/kompensieren\/\">Wie funktioniert CO\u2082-Kompensation?<\/a>&nbsp;<a href=\"https:\/\/www.co2online.de\/klima-schuetzen\/mobilitaet\/bahn-oder-flugzeug-der-vergleich\/\">Bahn oder Flugzeug?<\/a><\/p>\n<\/div>\n<\/div>\n\n\n\n<div style=\"height:var(--wp--preset--spacing--20)\" aria-hidden=\"true\" class=\"wp-block-spacer\"><\/div>\n\n\n\n<div class=\"wp-block-group alignwide has-global-padding is-layout-constrained wp-block-group-is-layout-constrained\">\n<div class=\"wp-block-columns alignwide is-layout-flex wp-container-core-columns-is-layout-d0bbbce0 wp-block-columns-is-layout-flex\">\n<div class=\"wp-block-column is-layout-flow wp-container-core-column-is-layout-e3d1c41b wp-block-column-is-layout-flow\">\n<h3 class=\"wp-block-heading has-text-align-left is-style-asterisk has-body-font-family has-medium-font-size\" style=\"font-style:normal;font-weight:600\">4. Eigener Sonnenstrom am Hausdach<\/h3>\n\n\n\n<p class=\"has-text-align-left\">Anschaffung einer Photovoltaikanlage oder eines Balkonkraftwerkes. Mach Dich unabh\u00e4ngiger vom Strompreisspr\u00fcngen, erzeuge Deinen umweltfreundlichen Sonnenstrom f\u00fcr Haushalt und E-Auto.&nbsp;<\/p>\n\n\n\n<p>Beispiel: Mit einer 10-12 kWpk Anlage am Hausdach in guter Sonnenlage, l\u00e4sst sich der j\u00e4hrliche Strombedarf eines 4-Personenhaushalts inkl. einem E-Auto, 20.000 Jahreskilometer zu rund 80 % abdecken.&nbsp;<\/p>\n\n\n\n<p class=\"has-text-align-left\">Trotz einer begrenzten Ausbeute sind <a href=\"https:\/\/www.balkonkraftwerk.de\/\">Balkonkraftwerke<\/a>\u00a0sinnvoll: \u00d6kologische Vorteile, erh\u00f6hte Stromerzeugung aus erneuerbaren Energien, geringere CO2-Emissionen und verbesserte Luftqualit\u00e4t in St\u00e4dten, geringere Energieabh\u00e4ngigkeit, geringe Investitionskosten<\/p>\n<\/div>\n\n\n\n<div class=\"wp-block-column is-layout-flow wp-container-core-column-is-layout-e3d1c41b wp-block-column-is-layout-flow\">\n<h3 class=\"wp-block-heading has-text-align-left is-style-asterisk has-body-font-family has-medium-font-size\" style=\"font-style:normal;font-weight:600\">5. Anschaffung eines E-Autos<\/h3>\n\n\n\n<p>E-Autos haben keinen Auspuff. Bedeutet, keine direkten Emissionen&nbsp;von Schadstoffen und Treibhausgasen w\u00e4hrend der Fahrt. Das f\u00fchrt zu verbesserter Luftqualit\u00e4t, weniger Atemwegserkrankungen&nbsp;durch geringere lokale Umweltbelastung.<\/p>\n\n\n\n<p>Ressourcenschonung&nbsp;durch weniger bewegliche Autoteile. In Kombination mit Photovoltaik, eigener heimischer Wind- und Sonnenkraftstoffe , entfallen \u00d6limporte aus Russland, Nahen Osten usw.<\/p>\n\n\n\n<p>Weltweit tragen aktuell\u00a0\u00a0rund 1 Milliarde, (1.000 Millionen) Diesel- und Benzinfahrzeuge durch Abw\u00e4rme \u00fcber Auspuff und Motorenabstrahlung dazu bei unseren Planeten Tag f\u00fcr Tag weiter aufzuheizen. Und f\u00fcr die kommende Generation fatale Risiken einzugehen.<\/p>\n<\/div>\n\n\n\n<div class=\"wp-block-column is-layout-flow wp-container-core-column-is-layout-e3d1c41b wp-block-column-is-layout-flow\">\n<h3 class=\"wp-block-heading has-text-align-left is-style-asterisk has-body-font-family has-medium-font-size\" style=\"font-style:normal;font-weight:600\">6. Anschaffung eines E-Bikes<\/h3>\n\n\n\n<p class=\"has-text-align-left\">E-Bikes spielen in der Verkehrswende und der Reduzierung des CO2-Fu\u00dfabdrucks eine wichtige Rolle. Sie bieten eine nachhaltige und klimafreundliche Alternative zum Auto und tragen so zur Entlastung der Umwelt bei.\u00a0<\/p>\n<\/div>\n<\/div>\n<\/div>\n<\/div>\n\n\n\n<div style=\"height:var(--wp--preset--spacing--20)\" aria-hidden=\"true\" class=\"wp-block-spacer\"><\/div>\n\n\n\n<div class=\"wp-block-columns alignwide is-layout-flex wp-container-core-columns-is-layout-d0bbbce0 wp-block-columns-is-layout-flex\">\n<div class=\"wp-block-column is-layout-flow wp-container-core-column-is-layout-e3d1c41b wp-block-column-is-layout-flow\">\n<h3 class=\"wp-block-heading has-text-align-left is-style-asterisk has-body-font-family has-medium-font-size\" style=\"font-style:normal;font-weight:600\">7. Beteiligungen an einem Solarpark, Windpark, B\u00fcrgerenergie Gemeinschaft<\/h3>\n\n\n\n<p class=\"has-text-align-left\">Wer in die Zukunft investieren m\u00f6chte sollte eine Beteiligung an klimafreundlichen Projekten in Betracht ziehen. Zahlreiche Crowdfunding Projekte macht es dem B\u00fcrger einfach, kleinere Summen in ein solches Kraftwerk zu investieren.<\/p>\n<\/div>\n\n\n\n<div class=\"wp-block-column is-layout-flow wp-container-core-column-is-layout-e3d1c41b wp-block-column-is-layout-flow\">\n<h3 class=\"wp-block-heading has-text-align-left is-style-asterisk has-body-font-family has-medium-font-size\" style=\"font-style:normal;font-weight:600\">8. Aufforstung<\/h3>\n\n\n\n<p>Ziel ist es, neue W\u00e4lder zu schaffen oder zerst\u00f6rte W\u00e4lder wiederherzustellen. Aufforsten bedeutet, B\u00e4ume zu pflanzen, um neue W\u00e4lder zu schaffen oder zerst\u00f6rte W\u00e4lder wiederherzustellen. Was wir uns nicht vorstellen k\u00f6nnen: in der Region Amazonien wird mutwillig Regenwald zerst\u00f6rt, in einem unvorstellbaren Ausma\u00df. Auch der Regenwald weit weg von unserem Land ist, hat diese Zerst\u00f6rung trotzdem Auswirkungen auf unsere Heimat. <\/p>\n<\/div>\n\n\n\n<div class=\"wp-block-column is-layout-flow wp-container-core-column-is-layout-e3d1c41b wp-block-column-is-layout-flow\">\n<h3 class=\"wp-block-heading has-text-align-left is-style-asterisk has-body-font-family has-medium-font-size\" style=\"font-style:normal;font-weight:600\">9. Thermische Sanierung Haus\/Wohnung, Beratungskosten, D\u00e4mmmaterial,\u2026<\/h3>\n\n\n\n<p class=\"has-text-align-left\">Thermische Sanierung ist eine effektive Methode zur Verbesserung der Energieeffizienz von Geb\u00e4uden, die f\u00fcr den Bewohner sowohl finanzielle Vorteile als auch eine erh\u00f6hte Lebensqualit\u00e4t bietet. Durch sorgf\u00e4ltige Planung, Nutzung von F\u00f6rdermitteln und professionelle Umsetzung k\u00f6nnen signifikante Energieeinsparungen und Umweltvorteile erzielt werden.<\/p>\n<\/div>\n<\/div>\n<\/div>\n\n\n\n<div style=\"height:30px\" aria-hidden=\"true\" class=\"wp-block-spacer\"><\/div>\n\n\n\n<h2 class=\"wp-block-heading has-x-large-font-size\">Gl\u00fccklicher Gewinner 2024<\/h2>\n\n\n\n<div class=\"wp-block-media-text is-stacked-on-mobile\"><figure class=\"wp-block-media-text__media\"><img loading=\"lazy\" decoding=\"async\" width=\"1024\" height=\"683\" src=\"https:\/\/gerberhaus-klimaschutz.at\/wp-content\/uploads\/2025\/04\/GerberhausWeihnachtsgala2024_154-1024x683.jpg\" alt=\"\" class=\"wp-image-681 size-full\" srcset=\"https:\/\/gerberhaus-klimaschutz.at\/wp-content\/uploads\/2025\/04\/GerberhausWeihnachtsgala2024_154-1024x683.jpg 1024w, https:\/\/gerberhaus-klimaschutz.at\/wp-content\/uploads\/2025\/04\/GerberhausWeihnachtsgala2024_154-300x200.jpg 300w, https:\/\/gerberhaus-klimaschutz.at\/wp-content\/uploads\/2025\/04\/GerberhausWeihnachtsgala2024_154-768x512.jpg 768w, https:\/\/gerberhaus-klimaschutz.at\/wp-content\/uploads\/2025\/04\/GerberhausWeihnachtsgala2024_154-1536x1024.jpg 1536w, https:\/\/gerberhaus-klimaschutz.at\/wp-content\/uploads\/2025\/04\/GerberhausWeihnachtsgala2024_154-2048x1366.jpg 2048w\" sizes=\"auto, (max-width: 1024px) 100vw, 1024px\" \/><\/figure><div class=\"wp-block-media-text__content\">\n<p>Hauptpreis: ein nagelneuer Renault R5 Elektro!<\/p>\n<\/div><\/div>\n\n\n\n<div class=\"wp-block-group alignfull has-base-background-color has-background has-global-padding is-layout-constrained wp-container-core-group-is-layout-d89aad35 wp-block-group-is-layout-constrained\" style=\"margin-top:0;margin-bottom:0;padding-top:var(--wp--preset--spacing--50);padding-right:var(--wp--preset--spacing--50);padding-bottom:var(--wp--preset--spacing--50);padding-left:var(--wp--preset--spacing--50)\">\n<h2 class=\"wp-block-heading has-x-large-font-size\">Weitere Gewinne: \u00d6BB-Gutscheine und Klimatickets<\/h2>\n\n\n\n<figure class=\"wp-block-gallery has-nested-images columns-3 is-cropped wp-block-gallery-3 is-layout-flex wp-block-gallery-is-layout-flex\">\n<figure class=\"wp-block-image size-large wp-duotone-unset-2\"><img loading=\"lazy\" decoding=\"async\" width=\"1024\" height=\"1024\" data-id=\"675\" src=\"https:\/\/gerberhaus-klimaschutz.at\/wp-content\/uploads\/2025\/04\/IMG_3290-1024x1024.jpg\" alt=\"\" class=\"wp-image-675\" srcset=\"https:\/\/gerberhaus-klimaschutz.at\/wp-content\/uploads\/2025\/04\/IMG_3290-1024x1024.jpg 1024w, https:\/\/gerberhaus-klimaschutz.at\/wp-content\/uploads\/2025\/04\/IMG_3290-300x300.jpg 300w, https:\/\/gerberhaus-klimaschutz.at\/wp-content\/uploads\/2025\/04\/IMG_3290-150x150.jpg 150w, https:\/\/gerberhaus-klimaschutz.at\/wp-content\/uploads\/2025\/04\/IMG_3290-768x768.jpg 768w, https:\/\/gerberhaus-klimaschutz.at\/wp-content\/uploads\/2025\/04\/IMG_3290.jpg 1080w\" sizes=\"auto, (max-width: 1024px) 100vw, 1024px\" \/><\/figure>\n\n\n\n<figure class=\"wp-block-image size-large\"><img loading=\"lazy\" decoding=\"async\" width=\"1024\" height=\"1024\" data-id=\"676\" src=\"https:\/\/gerberhaus-klimaschutz.at\/wp-content\/uploads\/2025\/04\/IMG_3291-1024x1024.jpg\" alt=\"\" class=\"wp-image-676\" srcset=\"https:\/\/gerberhaus-klimaschutz.at\/wp-content\/uploads\/2025\/04\/IMG_3291-1024x1024.jpg 1024w, https:\/\/gerberhaus-klimaschutz.at\/wp-content\/uploads\/2025\/04\/IMG_3291-300x300.jpg 300w, https:\/\/gerberhaus-klimaschutz.at\/wp-content\/uploads\/2025\/04\/IMG_3291-150x150.jpg 150w, https:\/\/gerberhaus-klimaschutz.at\/wp-content\/uploads\/2025\/04\/IMG_3291-768x768.jpg 768w, https:\/\/gerberhaus-klimaschutz.at\/wp-content\/uploads\/2025\/04\/IMG_3291.jpg 1080w\" sizes=\"auto, (max-width: 1024px) 100vw, 1024px\" \/><\/figure>\n\n\n\n<figure class=\"wp-block-image size-large\"><img loading=\"lazy\" decoding=\"async\" width=\"1024\" height=\"1024\" data-id=\"678\" src=\"https:\/\/gerberhaus-klimaschutz.at\/wp-content\/uploads\/2025\/04\/IMG_3292-1024x1024.jpg\" alt=\"\" class=\"wp-image-678\" srcset=\"https:\/\/gerberhaus-klimaschutz.at\/wp-content\/uploads\/2025\/04\/IMG_3292-1024x1024.jpg 1024w, https:\/\/gerberhaus-klimaschutz.at\/wp-content\/uploads\/2025\/04\/IMG_3292-300x300.jpg 300w, https:\/\/gerberhaus-klimaschutz.at\/wp-content\/uploads\/2025\/04\/IMG_3292-150x150.jpg 150w, https:\/\/gerberhaus-klimaschutz.at\/wp-content\/uploads\/2025\/04\/IMG_3292-768x768.jpg 768w, https:\/\/gerberhaus-klimaschutz.at\/wp-content\/uploads\/2025\/04\/IMG_3292.jpg 1080w\" sizes=\"auto, (max-width: 1024px) 100vw, 1024px\" \/><\/figure>\n\n\n\n<figure class=\"wp-block-image size-large\"><img loading=\"lazy\" decoding=\"async\" width=\"1024\" height=\"1024\" data-id=\"677\" src=\"https:\/\/gerberhaus-klimaschutz.at\/wp-content\/uploads\/2025\/04\/IMG_3293-1024x1024.jpg\" alt=\"\" class=\"wp-image-677\" srcset=\"https:\/\/gerberhaus-klimaschutz.at\/wp-content\/uploads\/2025\/04\/IMG_3293-1024x1024.jpg 1024w, https:\/\/gerberhaus-klimaschutz.at\/wp-content\/uploads\/2025\/04\/IMG_3293-300x300.jpg 300w, https:\/\/gerberhaus-klimaschutz.at\/wp-content\/uploads\/2025\/04\/IMG_3293-150x150.jpg 150w, https:\/\/gerberhaus-klimaschutz.at\/wp-content\/uploads\/2025\/04\/IMG_3293-768x768.jpg 768w, https:\/\/gerberhaus-klimaschutz.at\/wp-content\/uploads\/2025\/04\/IMG_3293.jpg 1080w\" sizes=\"auto, (max-width: 1024px) 100vw, 1024px\" \/><\/figure>\n\n\n\n<figure class=\"wp-block-image size-large\"><img loading=\"lazy\" decoding=\"async\" width=\"1024\" height=\"1024\" data-id=\"680\" src=\"https:\/\/gerberhaus-klimaschutz.at\/wp-content\/uploads\/2025\/04\/IMG_3294-1024x1024.jpg\" alt=\"\" class=\"wp-image-680\" srcset=\"https:\/\/gerberhaus-klimaschutz.at\/wp-content\/uploads\/2025\/04\/IMG_3294-1024x1024.jpg 1024w, https:\/\/gerberhaus-klimaschutz.at\/wp-content\/uploads\/2025\/04\/IMG_3294-300x300.jpg 300w, https:\/\/gerberhaus-klimaschutz.at\/wp-content\/uploads\/2025\/04\/IMG_3294-150x150.jpg 150w, https:\/\/gerberhaus-klimaschutz.at\/wp-content\/uploads\/2025\/04\/IMG_3294-768x768.jpg 768w, https:\/\/gerberhaus-klimaschutz.at\/wp-content\/uploads\/2025\/04\/IMG_3294.jpg 1080w\" sizes=\"auto, (max-width: 1024px) 100vw, 1024px\" \/><\/figure>\n\n\n\n<figure class=\"wp-block-image size-large\"><img loading=\"lazy\" decoding=\"async\" width=\"768\" height=\"1024\" data-id=\"679\" src=\"https:\/\/gerberhaus-klimaschutz.at\/wp-content\/uploads\/2025\/04\/PHOTO-2024-06-17-18-24-33-768x1024.jpg\" alt=\"\" class=\"wp-image-679\" srcset=\"https:\/\/gerberhaus-klimaschutz.at\/wp-content\/uploads\/2025\/04\/PHOTO-2024-06-17-18-24-33-768x1024.jpg 768w, https:\/\/gerberhaus-klimaschutz.at\/wp-content\/uploads\/2025\/04\/PHOTO-2024-06-17-18-24-33-225x300.jpg 225w, https:\/\/gerberhaus-klimaschutz.at\/wp-content\/uploads\/2025\/04\/PHOTO-2024-06-17-18-24-33-1152x1536.jpg 1152w, https:\/\/gerberhaus-klimaschutz.at\/wp-content\/uploads\/2025\/04\/PHOTO-2024-06-17-18-24-33.jpg 1200w\" sizes=\"auto, (max-width: 768px) 100vw, 768px\" \/><\/figure>\n<\/figure>\n<\/div>\n\n\n\n<p><\/p>\n","protected":false},"excerpt":{"rendered":"<p>&#8220;40 Grad und mehr, brennende W\u00e4lder auch in \u00d6sterreich? Nein danke! Klimaschutz ist das zentrale Thema. Es geht nicht nur um die Sicherung von Arbeit und Pension. Es geht um das Allerwichtigste: Die Sicherung einer lebenswerten Zukunft f\u00fcr unsere Kinder und Enkel.&#8221; Intendant Sepp Schreiner Gro\u00dfes Gerberhaus Klimaschutz Gewinnspiel 2025 \u2013 Wie funktioniert\u2018s? In unserem [&hellip;]<\/p>\n","protected":false},"author":2,"featured_media":0,"parent":0,"menu_order":0,"comment_status":"closed","ping_status":"closed","template":"","meta":{"_monsterinsights_skip_tracking":false,"_monsterinsights_sitenote_active":false,"_monsterinsights_sitenote_note":"","_monsterinsights_sitenote_category":0,"footnotes":""},"class_list":["post-514","page","type-page","status-publish","hentry"],"_links":{"self":[{"href":"https:\/\/gerberhaus-klimaschutz.at\/index.php?rest_route=\/wp\/v2\/pages\/514","targetHints":{"allow":["GET"]}}],"collection":[{"href":"https:\/\/gerberhaus-klimaschutz.at\/index.php?rest_route=\/wp\/v2\/pages"}],"about":[{"href":"https:\/\/gerberhaus-klimaschutz.at\/index.php?rest_route=\/wp\/v2\/types\/page"}],"author":[{"embeddable":true,"href":"https:\/\/gerberhaus-klimaschutz.at\/index.php?rest_route=\/wp\/v2\/users\/2"}],"replies":[{"embeddable":true,"href":"https:\/\/gerberhaus-klimaschutz.at\/index.php?rest_route=%2Fwp%2Fv2%2Fcomments&post=514"}],"version-history":[{"count":53,"href":"https:\/\/gerberhaus-klimaschutz.at\/index.php?rest_route=\/wp\/v2\/pages\/514\/revisions"}],"predecessor-version":[{"id":749,"href":"https:\/\/gerberhaus-klimaschutz.at\/index.php?rest_route=\/wp\/v2\/pages\/514\/revisions\/749"}],"wp:attachment":[{"href":"https:\/\/gerberhaus-klimaschutz.at\/index.php?rest_route=%2Fwp%2Fv2%2Fmedia&parent=514"}],"curies":[{"name":"wp","href":"https:\/\/api.w.org\/{rel}","templated":true}]}}